{"id":686,"date":"2022-06-03T11:53:15","date_gmt":"2022-06-03T11:53:15","guid":{"rendered":"https:\/\/max-b-werner.de\/?post_type=aktuelles&#038;p=686"},"modified":"2022-06-03T12:05:45","modified_gmt":"2022-06-03T12:05:45","slug":"atelierbesuche-in-der-metropolregion-bei-max-werner","status":"publish","type":"aktuelles","link":"https:\/\/max-b-werner.de\/en\/aktuelles\/atelierbesuche-in-der-metropolregion-bei-max-werner\/","title":{"rendered":"Studio visit in the metropolitan region with Max Werner"},"template":"","class_list":["post-686","aktuelles","type-aktuelles","status-publish","hentry"],"yoast_head":"<!-- This site is optimized with the Yoast SEO plugin v27.5 - https:\/\/yoast.com\/product\/yoast-seo-wordpress\/ -->\n<title>Atelierbesuch in der Metropolregion bei Max Werner - Max B. Werner<\/title>\n<meta name=\"description\" content=\"ARTIMA hat diesen tollen Artikel \u00fcber den jungen Nachwuchsbildhauer Max Werner von der Staatlichen Akademie der Bildenden K\u00fcnste Karlsruhe ver\u00f6ffentlicht.\" \/>\n<meta name=\"robots\" content=\"index, follow, max-snippet:-1, max-image-preview:large, max-video-preview:-1\" \/>\n<link rel=\"canonical\" href=\"https:\/\/max-b-werner.de\/en\/aktuelles\/atelierbesuche-in-der-metropolregion-bei-max-werner\/\" \/>\n<meta property=\"og:locale\" content=\"en_GB\" \/>\n<meta property=\"og:type\" content=\"article\" \/>\n<meta property=\"og:title\" content=\"Atelierbesuch in der Metropolregion bei Max Werner - Max B. Werner\" \/>\n<meta property=\"og:description\" content=\"ARTIMA hat diesen tollen Artikel \u00fcber den jungen Nachwuchsbildhauer Max Werner von der Staatlichen Akademie der Bildenden K\u00fcnste Karlsruhe ver\u00f6ffentlicht.\" \/>\n<meta property=\"og:url\" content=\"https:\/\/max-b-werner.de\/en\/aktuelles\/atelierbesuche-in-der-metropolregion-bei-max-werner\/\" \/>\n<meta property=\"og:site_name\" content=\"Max B. Werner\" \/>\n<meta property=\"article:modified_time\" content=\"2022-06-03T12:05:45+00:00\" \/>\n<meta name=\"twitter:card\" content=\"summary_large_image\" \/>\n<script type=\"application\/ld+json\" class=\"yoast-schema-graph\">{\"@context\":\"https:\\\/\\\/schema.org\",\"@graph\":[{\"@type\":\"WebPage\",\"@id\":\"https:\\\/\\\/max-b-werner.de\\\/aktuelles\\\/atelierbesuche-in-der-metropolregion-bei-max-werner\\\/\",\"url\":\"https:\\\/\\\/max-b-werner.de\\\/aktuelles\\\/atelierbesuche-in-der-metropolregion-bei-max-werner\\\/\",\"name\":\"Atelierbesuch in der Metropolregion bei Max Werner - Max B. Werner\",\"isPartOf\":{\"@id\":\"https:\\\/\\\/max-b-werner.de\\\/#website\"},\"datePublished\":\"2022-06-03T11:53:15+00:00\",\"dateModified\":\"2022-06-03T12:05:45+00:00\",\"description\":\"ARTIMA hat diesen tollen Artikel \u00fcber den jungen Nachwuchsbildhauer Max Werner von der Staatlichen Akademie der Bildenden K\u00fcnste Karlsruhe ver\u00f6ffentlicht.\",\"breadcrumb\":{\"@id\":\"https:\\\/\\\/max-b-werner.de\\\/aktuelles\\\/atelierbesuche-in-der-metropolregion-bei-max-werner\\\/#breadcrumb\"},\"inLanguage\":\"en-GB\",\"potentialAction\":[{\"@type\":\"ReadAction\",\"target\":[\"https:\\\/\\\/max-b-werner.de\\\/aktuelles\\\/atelierbesuche-in-der-metropolregion-bei-max-werner\\\/\"]}]},{\"@type\":\"BreadcrumbList\",\"@id\":\"https:\\\/\\\/max-b-werner.de\\\/aktuelles\\\/atelierbesuche-in-der-metropolregion-bei-max-werner\\\/#breadcrumb\",\"itemListElement\":[{\"@type\":\"ListItem\",\"position\":1,\"name\":\"Startseite\",\"item\":\"https:\\\/\\\/max-b-werner.de\\\/\"},{\"@type\":\"ListItem\",\"position\":2,\"name\":\"Aktuelles\",\"item\":\"https:\\\/\\\/max-b-werner.de\\\/aktuelles\\\/\"},{\"@type\":\"ListItem\",\"position\":3,\"name\":\"Atelierbesuch in der Metropolregion bei Max Werner\"}]},{\"@type\":\"WebSite\",\"@id\":\"https:\\\/\\\/max-b-werner.de\\\/#website\",\"url\":\"https:\\\/\\\/max-b-werner.de\\\/\",\"name\":\"Max B. Werner\",\"description\":\"Bildhauer\",\"potentialAction\":[{\"@type\":\"SearchAction\",\"target\":{\"@type\":\"EntryPoint\",\"urlTemplate\":\"https:\\\/\\\/max-b-werner.de\\\/?s={search_term_string}\"},\"query-input\":{\"@type\":\"PropertyValueSpecification\",\"valueRequired\":true,\"valueName\":\"search_term_string\"}}],\"inLanguage\":\"en-GB\"}]}<\/script>\n<!-- \/ Yoast SEO plugin. -->","yoast_head_json":{"title":"Atelierbesuch in der Metropolregion bei Max Werner - Max B. Werner","description":"ARTIMA has published this great article about the young up-and-coming sculptor Max Werner from the Staatliche Akademie der Bildenden K\u00fcnste Karlsruhe.","robots":{"index":"index","follow":"follow","max-snippet":"max-snippet:-1","max-image-preview":"max-image-preview:large","max-video-preview":"max-video-preview:-1"},"canonical":"https:\/\/max-b-werner.de\/en\/aktuelles\/atelierbesuche-in-der-metropolregion-bei-max-werner\/","og_locale":"en_GB","og_type":"article","og_title":"Atelierbesuch in der Metropolregion bei Max Werner - Max B. Werner","og_description":"ARTIMA hat diesen tollen Artikel \u00fcber den jungen Nachwuchsbildhauer Max Werner von der Staatlichen Akademie der Bildenden K\u00fcnste Karlsruhe ver\u00f6ffentlicht.","og_url":"https:\/\/max-b-werner.de\/en\/aktuelles\/atelierbesuche-in-der-metropolregion-bei-max-werner\/","og_site_name":"Max B. Werner","article_modified_time":"2022-06-03T12:05:45+00:00","twitter_card":"summary_large_image","schema":{"@context":"https:\/\/schema.org","@graph":[{"@type":"WebPage","@id":"https:\/\/max-b-werner.de\/aktuelles\/atelierbesuche-in-der-metropolregion-bei-max-werner\/","url":"https:\/\/max-b-werner.de\/aktuelles\/atelierbesuche-in-der-metropolregion-bei-max-werner\/","name":"Atelierbesuch in der Metropolregion bei Max Werner - Max B. Werner","isPartOf":{"@id":"https:\/\/max-b-werner.de\/#website"},"datePublished":"2022-06-03T11:53:15+00:00","dateModified":"2022-06-03T12:05:45+00:00","description":"ARTIMA has published this great article about the young up-and-coming sculptor Max Werner from the Staatliche Akademie der Bildenden K\u00fcnste Karlsruhe.","breadcrumb":{"@id":"https:\/\/max-b-werner.de\/aktuelles\/atelierbesuche-in-der-metropolregion-bei-max-werner\/#breadcrumb"},"inLanguage":"en-GB","potentialAction":[{"@type":"ReadAction","target":["https:\/\/max-b-werner.de\/aktuelles\/atelierbesuche-in-der-metropolregion-bei-max-werner\/"]}]},{"@type":"BreadcrumbList","@id":"https:\/\/max-b-werner.de\/aktuelles\/atelierbesuche-in-der-metropolregion-bei-max-werner\/#breadcrumb","itemListElement":[{"@type":"ListItem","position":1,"name":"Startseite","item":"https:\/\/max-b-werner.de\/"},{"@type":"ListItem","position":2,"name":"Aktuelles","item":"https:\/\/max-b-werner.de\/aktuelles\/"},{"@type":"ListItem","position":3,"name":"Atelierbesuch in der Metropolregion bei Max Werner"}]},{"@type":"WebSite","@id":"https:\/\/max-b-werner.de\/#website","url":"https:\/\/max-b-werner.de\/","name":"Max B. Werner","description":"Bildhauer","potentialAction":[{"@type":"SearchAction","target":{"@type":"EntryPoint","urlTemplate":"https:\/\/max-b-werner.de\/?s={search_term_string}"},"query-input":{"@type":"PropertyValueSpecification","valueRequired":true,"valueName":"search_term_string"}}],"inLanguage":"en-GB"}]}},"_links":{"self":[{"href":"https:\/\/max-b-werner.de\/en\/wp-json\/wp\/v2\/aktuelles\/686","targetHints":{"allow":["GET"]}}],"collection":[{"href":"https:\/\/max-b-werner.de\/en\/wp-json\/wp\/v2\/aktuelles"}],"about":[{"href":"https:\/\/max-b-werner.de\/en\/wp-json\/wp\/v2\/types\/aktuelles"}],"wp:attachment":[{"href":"https:\/\/max-b-werner.de\/en\/wp-json\/wp\/v2\/media?parent=686"}],"curies":[{"name":"wp","href":"https:\/\/api.w.org\/{rel}","templated":true}]}}